{"id":47327,"date":"2022-07-12T17:32:48","date_gmt":"2022-07-12T21:32:48","guid":{"rendered":"https:\/\/www.smartcommunications.com\/?page_id=47327"},"modified":"2023-11-13T06:30:51","modified_gmt":"2023-11-13T10:30:51","slug":"smart-communications-erweitert-seine-praesenz-in-europa-durch-die-ernennung-eines-sales-director-fuer-die-dach-region","status":"publish","type":"page","link":"https:\/\/www.smartcommunications.com\/de\/pressemeldungen\/smart-communications-erweitert-seine-praesenz-in-europa-durch-die-ernennung-eines-sales-director-fuer-die-dach-region\/","title":{"rendered":"Smart Communications erweitert seine Pr\u00e4senz in Europa durch die Ernennung eines Sales Director f\u00fcr die DACH-Region"},"content":{"rendered":"[vc_row type=&#8220;in_container&#8220; full_screen_row_position=&#8220;middle&#8220; column_margin=&#8220;default&#8220; equal_height=&#8220;yes&#8220; column_direction=&#8220;default&#8220; column_direction_tablet=&#8220;default&#8220; column_direction_phone=&#8220;default&#8220; scene_position=&#8220;center&#8220; bottom_padding=&#8220;50&#8243; text_color=&#8220;custom&#8220; custom_text_color=&#8220;#969696&#8243; text_align=&#8220;left&#8220; row_border_radius=&#8220;none&#8220; row_border_radius_applies=&#8220;bg&#8220; overflow=&#8220;visible&#8220; overlay_strength=&#8220;0.3&#8243; gradient_direction=&#8220;left_to_right&#8220; shape_divider_position=&#8220;bottom&#8220; bg_image_animation=&#8220;none&#8220;][vc_column column_padding=&#8220;no-extra-padding&#8220; column_padding_tablet=&#8220;inherit&#8220; column_padding_phone=&#8220;inherit&#8220; column_padding_position=&#8220;all&#8220; column_element_spacing=&#8220;default&#8220; background_color=&#8220;#ffffff&#8220; background_color_opacity=&#8220;1&#8243; background_hover_color_opacity=&#8220;1&#8243; column_shadow=&#8220;none&#8220; column_border_radius=&#8220;none&#8220; column_link_target=&#8220;_self&#8220; column_position=&#8220;default&#8220; gradient_direction=&#8220;left_to_right&#8220; overlay_strength=&#8220;0.3&#8243; width=&#8220;1\/1&#8243; tablet_width_inherit=&#8220;default&#8220; tablet_text_alignment=&#8220;left&#8220; phone_text_alignment=&#8220;left&#8220; animation_type=&#8220;default&#8220; enable_animation=&#8220;true&#8220; animation=&#8220;none&#8220; bg_image_animation=&#8220;none&#8220; border_type=&#8220;simple&#8220; column_border_width=&#8220;none&#8220; column_border_style=&#8220;solid&#8220;][divider line_type=&#8220;Small Line&#8220; line_alignment=&#8220;default&#8220; line_thickness=&#8220;7&#8243; divider_color=&#8220;accent-color&#8220; animate=&#8220;yes&#8220; custom_height=&#8220;20&#8243; custom_line_width=&#8220;150&#8243;][divider line_type=&#8220;No Line&#8220; custom_height=&#8220;10&#8243;][vc_column_text css_animation=&#8220;top-to-bottom&#8220;]\n<h3><span style=\"color: #002f87;\">Smart Communications erweitert seine Pr\u00e4senz in Europa durch die Ernennung eines Sales Director f\u00fcr die DACH-Region<br \/>\n<\/span><\/h3>\n[\/vc_column_text][divider line_type=&#8220;No Line&#8220; custom_height=&#8220;25&#8243;][vc_column_text css_animation=&#8220;top-to-bottom&#8220;]<em>Sales Leader Added to Accelerate Growth for Customer Communications Management Platform<\/em><\/p>\n<p><strong>London and New York<\/strong> \u2013 13, Juli 2022\u00a0 &#8211; <a href=\"https:\/\/www.smartcommunications.com\/de\/\">Smart Communications<sup>TM<\/sup><\/a>, ein f\u00fchrendes Technologieunternehmen, spezialisiert auf das Kundenkommunikationsmanagement, gab heute die Ernennung von Jochen Razum als Sales Director f\u00fcr die DACH-Region bekannt. Jochen Razum wird die Vertriebsaktivit\u00e4ten leiten und das Umsatzwachstum in der Region vorantreiben.<\/p>\n<p>\u201eDie Ernennung eines bew\u00e4hrten Branchenexperten wie Jochen Razum in unser Team ist ein bedeutender Schritt nach vorn f\u00fcr die Wachstumspl\u00e4ne des Unternehmens und dessen Expansion auf dem Markt\u201c, sagt Chris Hall, Vice President of Sales EMEA bei Smart Communications. \u201eSeine umfassende Erfahrung und bew\u00e4hrte Reputation werden von unsch\u00e4tzbarem Wert sein, wenn wir die wachsende Nachfrage in Europa befriedigen wollen.\u201c<\/p>\n<p>Jochen Razum ist in M\u00fcnchen, Deutschland, ans\u00e4ssig. Er kommt von Quadient zu Smart Communications, wo er zuvor sieben Jahre lang den Vertrieb und das operative Gesch\u00e4ft in der DACH- und anderen europ\u00e4ischen Regionen leitete. Jochen Razum verf\u00fcgt \u00fcber drei Jahrzehnte Erfahrung als Mitarbeiter bei Softwareunternehmen wie beispielsweise Pitney Bowes.<\/p>\n<p>\u201eIn den Unternehmen gibt es einen sehr starken Trend, von Legacy-Systemen, die nur in eine Richtung laufende transaktionale Kommunikation bieten, zu modernen Cloud-Technologien zu migrieren, um durch personalisierte Konversationen das Kundenerlebnis zu verbessern\u201c, sagt Jochen Razum. \u201eIch bin hocherfreut, mich Smart Communications anschlie\u00dfen zu k\u00f6nnen. Das Unternehmen hat bereits bewiesen, dass es das wirklich f\u00fchrende Cloud-Unternehmen ist, wenn es um diesen gesch\u00e4ftlichen Nutzen geht.\u201c<\/p>\n<p>Die Innovationsf\u00e4higkeit und die Strategie von Smart Communications hinsichtlich der Cloud wurden von mehreren Analysten als branchenf\u00fchrend anerkannt. Dazu geh\u00f6ren <a href=\"https:\/\/www.smartcommunications.com\/resources\/news\/2022-idc-ccm-marketscape\/\">IDC<\/a>, Gartner, Aspire, Aragon und AiteNovarica.<\/p>\n<p><strong>About Smart Communications<\/strong><\/p>\n<p>Smart Communications ist ein f\u00fchrendes Technologieunternehmen, das Unternehmen dabei unterst\u00fctzt, die Kundenkommunikation relevanter zu gestalten. Die Plattform Conversation Cloud\u2122 des Unternehmens bietet auf einzigartige Weise personalisierte, Omnichannel-Konversationen \u00fcber das gesamte Kundenerlebnis hinweg. So k\u00f6nnen Unternehmen in der heutigen digitalen, kundenorientierten Welt erfolgreich sein und gleichzeitig Prozesse vereinfachen und effizienter gestalten. Smart Communications mit Hauptsitz in Gro\u00dfbritannien hat mehr als 650 Kunden und Niederlassungen in Nordamerika, Europa und Asien-Pazifik. Die Plattform Conversation Cloud von Smart Communications umfasst die skalierbaren L\u00f6sungen f\u00fcr Kundenkommunikationsmanagement (CCM) von SmartCOMM\u2122, Funktionen f\u00fcr die Digitalisierung von Formularen durch SmartIQ\u2122 sowie die Fachkompetenz im Bereich Gesch\u00e4ftsdokumentation von SmartDX\u2122. 2021 hat Smart Communications Assentis \u00fcbernommen, einen f\u00fchrenden europ\u00e4ischen Anbieter von Softwarel\u00f6sungen, der auf Kundenkommunikationsmanagement (CCM) mit Schwerpunkt Finanzdienstleistungsbranche spezialisiert ist. Weitere Informationen finden Sie unter smartcommunications.com.[\/vc_column_text][divider line_type=&#8220;No Line&#8220; custom_height=&#8220;30&#8243;][\/vc_column][\/vc_row]\n","protected":false},"excerpt":{"rendered":"<p>[vc_row type=&#8220;in_container&#8220; full_screen_row_position=&#8220;middle&#8220; column_margin=&#8220;default&#8220; equal_height=&#8220;yes&#8220; column_direction=&#8220;default&#8220; column_direction_tablet=&#8220;default&#8220; column_direction_phone=&#8220;default&#8220; scene_position=&#8220;center&#8220; bottom_padding=&#8220;50&#8243; text_color=&#8220;custom&#8220; custom_text_color=&#8220;#969696&#8243; text_align=&#8220;left&#8220; row_border_radius=&#8220;none&#8220; row_border_radius_applies=&#8220;bg&#8220; overflow=&#8220;visible&#8220; overlay_strength=&#8220;0.3&#8243; gradient_direction=&#8220;left_to_right&#8220; shape_divider_position=&#8220;bottom&#8220; bg_image_animation=&#8220;none&#8220;][vc_column column_padding=&#8220;no-extra-padding&#8220; column_padding_tablet=&#8220;inherit&#8220; column_padding_phone=&#8220;inherit&#8220; column_padding_position=&#8220;all&#8220; column_element_spacing=&#8220;default&#8220; background_color=&#8220;#ffffff&#8220; background_color_opacity=&#8220;1&#8243; background_hover_color_opacity=&#8220;1&#8243; column_shadow=&#8220;none&#8220; column_border_radius=&#8220;none&#8220;&#8230;<\/p>\n","protected":false},"author":35,"featured_media":47324,"parent":43564,"menu_order":58,"comment_status":"closed","ping_status":"closed","template":"","meta":{"_acf_changed":false,"footnotes":""},"class_list":["post-47327","page","type-page","status-publish","has-post-thumbnail"],"acf":[],"yoast_head":"<!-- This site is optimized with the Yoast SEO plugin v27.5 - https:\/\/yoast.com\/product\/yoast-seo-wordpress\/ -->\n<title>CCM Leader Appoints New DACH Sales Director | Smart Communication<\/title>\n<meta name=\"robots\" content=\"noindex, nofollow\" \/>\n<meta property=\"og:locale\" content=\"de_DE\" \/>\n<meta property=\"og:type\" content=\"article\" \/>\n<meta property=\"og:title\" content=\"CCM Leader Appoints New DACH Sales Director | Smart Communication\" \/>\n<meta property=\"og:description\" content=\"[vc_row type=&#8220;in_container&#8220; full_screen_row_position=&#8220;middle&#8220; column_margin=&#8220;default&#8220; equal_height=&#8220;yes&#8220; column_direction=&#8220;default&#8220; column_direction_tablet=&#8220;default&#8220; column_direction_phone=&#8220;default&#8220; scene_position=&#8220;center&#8220; bottom_padding=&#8220;50&#8243; text_color=&#8220;custom&#8220; custom_text_color=&#8220;#969696&#8243; text_align=&#8220;left&#8220; row_border_radius=&#8220;none&#8220; row_border_radius_applies=&#8220;bg&#8220; overflow=&#8220;visible&#8220; overlay_strength=&#8220;0.3&#8243; gradient_direction=&#8220;left_to_right&#8220; shape_divider_position=&#8220;bottom&#8220; bg_image_animation=&#8220;none&#8220;][vc_column column_padding=&#8220;no-extra-padding&#8220; column_padding_tablet=&#8220;inherit&#8220; column_padding_phone=&#8220;inherit&#8220; column_padding_position=&#8220;all&#8220; column_element_spacing=&#8220;default&#8220; background_color=&#8220;#ffffff&#8220; background_color_opacity=&#8220;1&#8243; background_hover_color_opacity=&#8220;1&#8243; column_shadow=&#8220;none&#8220; column_border_radius=&#8220;none&#8220;...\" \/>\n<meta property=\"og:url\" content=\"https:\/\/www.smartcommunications.com\/de\/pressemeldungen\/smart-communications-erweitert-seine-praesenz-in-europa-durch-die-ernennung-eines-sales-director-fuer-die-dach-region\/\" \/>\n<meta property=\"og:site_name\" content=\"Smart Communications\" \/>\n<meta property=\"article:modified_time\" content=\"2023-11-13T10:30:51+00:00\" \/>\n<meta property=\"og:image\" content=\"https:\/\/www.smartcommunications.com\/wp-content\/uploads\/022_DACH_Social_NewHireAnnouncement_JochenRazum_1200\u00d7675.png\" \/>\n\t<meta property=\"og:image:width\" content=\"1200\" \/>\n\t<meta property=\"og:image:height\" content=\"675\" \/>\n\t<meta property=\"og:image:type\" content=\"image\/png\" \/>\n<meta name=\"twitter:card\" content=\"summary_large_image\" \/>\n<meta name=\"twitter:image\" content=\"https:\/\/www.smartcommunications.com\/wp-content\/uploads\/022_DACH_Social_NewHireAnnouncement_JochenRazum_1200\u00d7675.png\" \/>\n<meta name=\"twitter:site\" content=\"@CCMInnovators\" \/>\n<meta name=\"twitter:label1\" content=\"Gesch\u00e4tzte Lesezeit\" \/>\n\t<meta name=\"twitter:data1\" content=\"3\u00a0Minuten\" \/>\n<!-- \/ Yoast SEO plugin. -->","yoast_head_json":{"title":"CCM Leader Appoints New DACH Sales Director | Smart Communication","robots":{"index":"noindex","follow":"nofollow"},"og_locale":"de_DE","og_type":"article","og_title":"CCM Leader Appoints New DACH Sales Director | Smart Communication","og_description":"[vc_row type=&#8220;in_container&#8220; full_screen_row_position=&#8220;middle&#8220; column_margin=&#8220;default&#8220; equal_height=&#8220;yes&#8220; column_direction=&#8220;default&#8220; column_direction_tablet=&#8220;default&#8220; column_direction_phone=&#8220;default&#8220; scene_position=&#8220;center&#8220; bottom_padding=&#8220;50&#8243; text_color=&#8220;custom&#8220; custom_text_color=&#8220;#969696&#8243; text_align=&#8220;left&#8220; row_border_radius=&#8220;none&#8220; row_border_radius_applies=&#8220;bg&#8220; overflow=&#8220;visible&#8220; overlay_strength=&#8220;0.3&#8243; gradient_direction=&#8220;left_to_right&#8220; shape_divider_position=&#8220;bottom&#8220; bg_image_animation=&#8220;none&#8220;][vc_column column_padding=&#8220;no-extra-padding&#8220; column_padding_tablet=&#8220;inherit&#8220; column_padding_phone=&#8220;inherit&#8220; column_padding_position=&#8220;all&#8220; column_element_spacing=&#8220;default&#8220; background_color=&#8220;#ffffff&#8220; background_color_opacity=&#8220;1&#8243; background_hover_color_opacity=&#8220;1&#8243; column_shadow=&#8220;none&#8220; column_border_radius=&#8220;none&#8220;...","og_url":"https:\/\/www.smartcommunications.com\/de\/pressemeldungen\/smart-communications-erweitert-seine-praesenz-in-europa-durch-die-ernennung-eines-sales-director-fuer-die-dach-region\/","og_site_name":"Smart Communications","article_modified_time":"2023-11-13T10:30:51+00:00","og_image":[{"width":1200,"height":675,"url":"https:\/\/www.smartcommunications.com\/wp-content\/uploads\/022_DACH_Social_NewHireAnnouncement_JochenRazum_1200\u00d7675.png","type":"image\/png"}],"twitter_card":"summary_large_image","twitter_image":"https:\/\/www.smartcommunications.com\/wp-content\/uploads\/022_DACH_Social_NewHireAnnouncement_JochenRazum_1200\u00d7675.png","twitter_site":"@CCMInnovators","twitter_misc":{"Gesch\u00e4tzte Lesezeit":"3\u00a0Minuten"},"schema":{"@context":"https:\/\/schema.org","@graph":[{"@type":"WebPage","@id":"https:\/\/www.smartcommunications.com\/de\/pressemeldungen\/smart-communications-erweitert-seine-praesenz-in-europa-durch-die-ernennung-eines-sales-director-fuer-die-dach-region\/","url":"https:\/\/www.smartcommunications.com\/de\/pressemeldungen\/smart-communications-erweitert-seine-praesenz-in-europa-durch-die-ernennung-eines-sales-director-fuer-die-dach-region\/","name":"CCM Leader Appoints New DACH Sales Director | Smart Communication","isPartOf":{"@id":"https:\/\/www.smartcommunications.com\/#website"},"primaryImageOfPage":{"@id":"https:\/\/www.smartcommunications.com\/de\/pressemeldungen\/smart-communications-erweitert-seine-praesenz-in-europa-durch-die-ernennung-eines-sales-director-fuer-die-dach-region\/#primaryimage"},"image":{"@id":"https:\/\/www.smartcommunications.com\/de\/pressemeldungen\/smart-communications-erweitert-seine-praesenz-in-europa-durch-die-ernennung-eines-sales-director-fuer-die-dach-region\/#primaryimage"},"thumbnailUrl":"https:\/\/www.smartcommunications.com\/wp-content\/uploads\/022_DACH_Social_NewHireAnnouncement_JochenRazum_1200\u00d7675.png","datePublished":"2022-07-12T21:32:48+00:00","dateModified":"2023-11-13T10:30:51+00:00","breadcrumb":{"@id":"https:\/\/www.smartcommunications.com\/de\/pressemeldungen\/smart-communications-erweitert-seine-praesenz-in-europa-durch-die-ernennung-eines-sales-director-fuer-die-dach-region\/#breadcrumb"},"inLanguage":"de","potentialAction":[{"@type":"ReadAction","target":["https:\/\/www.smartcommunications.com\/de\/pressemeldungen\/smart-communications-erweitert-seine-praesenz-in-europa-durch-die-ernennung-eines-sales-director-fuer-die-dach-region\/"]}]},{"@type":"ImageObject","inLanguage":"de","@id":"https:\/\/www.smartcommunications.com\/de\/pressemeldungen\/smart-communications-erweitert-seine-praesenz-in-europa-durch-die-ernennung-eines-sales-director-fuer-die-dach-region\/#primaryimage","url":"https:\/\/www.smartcommunications.com\/wp-content\/uploads\/022_DACH_Social_NewHireAnnouncement_JochenRazum_1200\u00d7675.png","contentUrl":"https:\/\/www.smartcommunications.com\/wp-content\/uploads\/022_DACH_Social_NewHireAnnouncement_JochenRazum_1200\u00d7675.png","width":1200,"height":675},{"@type":"BreadcrumbList","@id":"https:\/\/www.smartcommunications.com\/de\/pressemeldungen\/smart-communications-erweitert-seine-praesenz-in-europa-durch-die-ernennung-eines-sales-director-fuer-die-dach-region\/#breadcrumb","itemListElement":[{"@type":"ListItem","position":1,"name":"Home","item":"https:\/\/www.smartcommunications.com\/de\/"},{"@type":"ListItem","position":2,"name":"Press Releases","item":"https:\/\/www.smartcommunications.com\/de\/pressemeldungen\/"},{"@type":"ListItem","position":3,"name":"Smart Communications erweitert seine Pr\u00e4senz in Europa durch die Ernennung eines Sales Director f\u00fcr die DACH-Region"}]},{"@type":"WebSite","@id":"https:\/\/www.smartcommunications.com\/#website","url":"https:\/\/www.smartcommunications.com\/","name":"Smart Communications","description":"Customer Communication Management Software","publisher":{"@id":"https:\/\/www.smartcommunications.com\/#organization"},"alternateName":"Smart Communications","inLanguage":"de"},{"@type":"Organization","@id":"https:\/\/www.smartcommunications.com\/#organization","name":"Smart Communications","alternateName":"Smart Communications","url":"https:\/\/www.smartcommunications.com\/","logo":{"@type":"ImageObject","inLanguage":"de","@id":"https:\/\/www.smartcommunications.com\/#\/schema\/logo\/image\/","url":"https:\/\/www.smartcommunications.com\/wp-content\/uploads\/2017\/03\/Nav_logo_color_hires.png","contentUrl":"https:\/\/www.smartcommunications.com\/wp-content\/uploads\/2017\/03\/Nav_logo_color_hires.png","width":415,"height":140,"caption":"Smart Communications"},"image":{"@id":"https:\/\/www.smartcommunications.com\/#\/schema\/logo\/image\/"},"sameAs":["https:\/\/x.com\/CCMInnovators","https:\/\/www.linkedin.com\/company\/smart-communications.\/"]}]}},"_links":{"self":[{"href":"https:\/\/www.smartcommunications.com\/de\/wp-json\/wp\/v2\/pages\/47327","targetHints":{"allow":["GET"]}}],"collection":[{"href":"https:\/\/www.smartcommunications.com\/de\/wp-json\/wp\/v2\/pages"}],"about":[{"href":"https:\/\/www.smartcommunications.com\/de\/wp-json\/wp\/v2\/types\/page"}],"author":[{"embeddable":true,"href":"https:\/\/www.smartcommunications.com\/de\/wp-json\/wp\/v2\/users\/35"}],"replies":[{"embeddable":true,"href":"https:\/\/www.smartcommunications.com\/de\/wp-json\/wp\/v2\/comments?post=47327"}],"version-history":[{"count":0,"href":"https:\/\/www.smartcommunications.com\/de\/wp-json\/wp\/v2\/pages\/47327\/revisions"}],"up":[{"embeddable":true,"href":"https:\/\/www.smartcommunications.com\/de\/wp-json\/wp\/v2\/pages\/43564"}],"wp:featuredmedia":[{"embeddable":true,"href":"https:\/\/www.smartcommunications.com\/de\/wp-json\/wp\/v2\/media\/47324"}],"wp:attachment":[{"href":"https:\/\/www.smartcommunications.com\/de\/wp-json\/wp\/v2\/media?parent=47327"}],"curies":[{"name":"wp","href":"https:\/\/api.w.org\/{rel}","templated":true}]}}